{"id":4339,"date":"2018-04-04T12:30:49","date_gmt":"2018-04-04T12:30:49","guid":{"rendered":"http:\/\/www.art-3.org\/art-contemporain\/?page_id=4339"},"modified":"2018-05-19T15:09:27","modified_gmt":"2018-05-19T15:09:27","slug":"lycee-faure-tournon-artiste-invite-tom-castinel","status":"publish","type":"page","link":"http:\/\/www.art-3.org\/art-contemporain\/lycee-faure-tournon-artiste-invite-tom-castinel","title":{"rendered":"Lyc\u00e9e Faure, Tournon | Artiste invit\u00e9 : Tom Castinel"},"content":{"rendered":"<p>Lyc\u00e9e Faure, Tournon | Artiste invit\u00e9 : Tom Castinel \u2013 octobre 2017 &#8211; avril 2018<br \/>\nR\u00e9sidence artistique en milieu scolaire avec le Lyc\u00e9e Faure et une classe de 1\u00e8re et terminale, sur l&rsquo;invitation de Madame Forcheron, professeur d&rsquo;arts plastiques.<\/p>\n<p><img loading=\"lazy\" decoding=\"async\" class=\"alignnone wp-image-4551 size-large\" src=\"http:\/\/www.art-3.org\/art-contemporain\/wp-content\/uploads\/2018\/05\/V6-invitation-lyce\u0301e-faure-page-001-1024x724.jpg\" alt=\"\" width=\"640\" height=\"453\" srcset=\"http:\/\/www.art-3.org\/art-contemporain\/wp-content\/uploads\/2018\/05\/V6-invitation-lyce\u0301e-faure-page-001-1024x724.jpg 1024w, http:\/\/www.art-3.org\/art-contemporain\/wp-content\/uploads\/2018\/05\/V6-invitation-lyce\u0301e-faure-page-001-300x212.jpg 300w, http:\/\/www.art-3.org\/art-contemporain\/wp-content\/uploads\/2018\/05\/V6-invitation-lyce\u0301e-faure-page-001-768x543.jpg 768w, http:\/\/www.art-3.org\/art-contemporain\/wp-content\/uploads\/2018\/05\/V6-invitation-lyce\u0301e-faure-page-001.jpg 1754w\" sizes=\"auto, (max-width: 640px) 100vw, 640px\" \/><\/p>\n<p>L\u2019artiste Tom Castinel, invit\u00e9 par art3, a travaill\u00e9 avec les \u00e9l\u00e8ves de 1\u00e8re et de terminale du Lyc\u00e9e Gabriel Faure de Tournon et leur professeur d\u2019arts plastiques Madame Forcheron.<br \/>\nLe projet d\u2019action artistique a permis de travailler autour d\u2019une m\u00eame th\u00e9matique, les \u00abMondes flottants\u00bb d\u00e9velopp\u00e9e \u00e0 l\u2019occasion de la Biennale de Lyon 2017, deux classes, un artiste en mettant en \u0153uvre des formes d\u2019expression artistique plurielles. Les actions engag\u00e9es se sont \u00e9chelonn\u00e9es entre octobre 2017 et avril 2018.<\/p>\n<div id='gallery-1' class='gallery galleryid-4339 gallery-columns-3 gallery-size-thumbnail'><dl class='gallery-item'>\n\t\t\t<dt class='gallery-icon landscape'>\n\t\t\t\t<a href='http:\/\/www.art-3.org\/art-contemporain\/lycee-faure-tournon-artiste-invite-tom-castinel\/02-castinel'><img loading=\"lazy\" decoding=\"async\" width=\"150\" height=\"150\" src=\"http:\/\/www.art-3.org\/art-contemporain\/wp-content\/uploads\/2018\/05\/02-castinel-150x150.jpg\" class=\"attachment-thumbnail size-thumbnail\" alt=\"\" aria-describedby=\"gallery-1-4512\" srcset=\"http:\/\/www.art-3.org\/art-contemporain\/wp-content\/uploads\/2018\/05\/02-castinel-150x150.jpg 150w, http:\/\/www.art-3.org\/art-contemporain\/wp-content\/uploads\/2018\/05\/02-castinel-300x300.jpg 300w, http:\/\/www.art-3.org\/art-contemporain\/wp-content\/uploads\/2018\/05\/02-castinel-768x768.jpg 768w, http:\/\/www.art-3.org\/art-contemporain\/wp-content\/uploads\/2018\/05\/02-castinel-1024x1024.jpg 1024w\" sizes=\"auto, (max-width: 150px) 100vw, 150px\" \/><\/a>\n\t\t\t<\/dt>\n\t\t\t\t<dd class='wp-caption-text gallery-caption' id='gallery-1-4512'>\n\t\t\t\tTom Castinel, artiste intervant dans la classe du Lyc\u00e9e Faure. S\u00e9ance  d&rsquo;accrochage.\n\t\t\t\t<\/dd><\/dl><dl class='gallery-item'>\n\t\t\t<dt class='gallery-icon landscape'>\n\t\t\t\t<a href='http:\/\/www.art-3.org\/art-contemporain\/lycee-faure-tournon-artiste-invite-tom-castinel\/01-vue-lycee'><img loading=\"lazy\" decoding=\"async\" width=\"150\" height=\"150\" src=\"http:\/\/www.art-3.org\/art-contemporain\/wp-content\/uploads\/2018\/05\/01-vue-lyce\u0301e-150x150.png\" class=\"attachment-thumbnail size-thumbnail\" alt=\"\" \/><\/a>\n\t\t\t<\/dt><\/dl><dl class='gallery-item'>\n\t\t\t<dt class='gallery-icon landscape'>\n\t\t\t\t<a href='http:\/\/www.art-3.org\/art-contemporain\/lycee-faure-tournon-artiste-invite-tom-castinel\/03-ballon'><img loading=\"lazy\" decoding=\"async\" width=\"150\" height=\"150\" src=\"http:\/\/www.art-3.org\/art-contemporain\/wp-content\/uploads\/2018\/05\/03-ballon-150x150.png\" class=\"attachment-thumbnail size-thumbnail\" alt=\"\" aria-describedby=\"gallery-1-4515\" \/><\/a>\n\t\t\t<\/dt>\n\t\t\t\t<dd class='wp-caption-text gallery-caption' id='gallery-1-4515'>\n\t\t\t\tAction. Lach\u00e9 de ballons.\n\t\t\t\t<\/dd><\/dl><br style=\"clear: both\" \/><dl class='gallery-item'>\n\t\t\t<dt class='gallery-icon landscape'>\n\t\t\t\t<a href='http:\/\/www.art-3.org\/art-contemporain\/lycee-faure-tournon-artiste-invite-tom-castinel\/05-pont'><img loading=\"lazy\" decoding=\"async\" width=\"150\" height=\"150\" src=\"http:\/\/www.art-3.org\/art-contemporain\/wp-content\/uploads\/2018\/05\/05-pont-150x150.png\" class=\"attachment-thumbnail size-thumbnail\" alt=\"\" aria-describedby=\"gallery-1-4516\" \/><\/a>\n\t\t\t<\/dt>\n\t\t\t\t<dd class='wp-caption-text gallery-caption' id='gallery-1-4516'>\n\t\t\t\tExtrait de vid\u00e9o.\n\t\t\t\t<\/dd><\/dl><dl class='gallery-item'>\n\t\t\t<dt class='gallery-icon landscape'>\n\t\t\t\t<a href='http:\/\/www.art-3.org\/art-contemporain\/lycee-faure-tournon-artiste-invite-tom-castinel\/06-animation-dessin'><img loading=\"lazy\" decoding=\"async\" width=\"150\" height=\"150\" src=\"http:\/\/www.art-3.org\/art-contemporain\/wp-content\/uploads\/2018\/05\/06-animation-dessin-150x150.png\" class=\"attachment-thumbnail size-thumbnail\" alt=\"\" aria-describedby=\"gallery-1-4517\" \/><\/a>\n\t\t\t<\/dt>\n\t\t\t\t<dd class='wp-caption-text gallery-caption' id='gallery-1-4517'>\n\t\t\t\tExtrait du film d&rsquo;animation.\n\t\t\t\t<\/dd><\/dl><dl class='gallery-item'>\n\t\t\t<dt class='gallery-icon landscape'>\n\t\t\t\t<a href='http:\/\/www.art-3.org\/art-contemporain\/lycee-faure-tournon-artiste-invite-tom-castinel\/08-espace'><img loading=\"lazy\" decoding=\"async\" width=\"150\" height=\"150\" src=\"http:\/\/www.art-3.org\/art-contemporain\/wp-content\/uploads\/2018\/05\/08-espace-150x150.png\" class=\"attachment-thumbnail size-thumbnail\" alt=\"\" aria-describedby=\"gallery-1-4518\" \/><\/a>\n\t\t\t<\/dt>\n\t\t\t\t<dd class='wp-caption-text gallery-caption' id='gallery-1-4518'>\n\t\t\t\tD\u00e9tail\n\t\t\t\t<\/dd><\/dl><br style=\"clear: both\" \/><dl class='gallery-item'>\n\t\t\t<dt class='gallery-icon landscape'>\n\t\t\t\t<a href='http:\/\/www.art-3.org\/art-contemporain\/lycee-faure-tournon-artiste-invite-tom-castinel\/09-marilyn-et-ange'><img loading=\"lazy\" decoding=\"async\" width=\"150\" height=\"150\" src=\"http:\/\/www.art-3.org\/art-contemporain\/wp-content\/uploads\/2018\/05\/09-Marilyn-et-Ange-150x150.png\" class=\"attachment-thumbnail size-thumbnail\" alt=\"\" aria-describedby=\"gallery-1-4519\" \/><\/a>\n\t\t\t<\/dt>\n\t\t\t\t<dd class='wp-caption-text gallery-caption' id='gallery-1-4519'>\n\t\t\t\tExtrait de la vid\u00e9o. Marilyn &#038; Ange\n\t\t\t\t<\/dd><\/dl><dl class='gallery-item'>\n\t\t\t<dt class='gallery-icon landscape'>\n\t\t\t\t<a href='http:\/\/www.art-3.org\/art-contemporain\/lycee-faure-tournon-artiste-invite-tom-castinel\/10-aquarium'><img loading=\"lazy\" decoding=\"async\" width=\"150\" height=\"150\" src=\"http:\/\/www.art-3.org\/art-contemporain\/wp-content\/uploads\/2018\/05\/10-aquarium-150x150.png\" class=\"attachment-thumbnail size-thumbnail\" alt=\"\" aria-describedby=\"gallery-1-4520\" \/><\/a>\n\t\t\t<\/dt>\n\t\t\t\t<dd class='wp-caption-text gallery-caption' id='gallery-1-4520'>\n\t\t\t\tPhotographie couleur.\n\t\t\t\t<\/dd><\/dl>\n\t\t\t<br style='clear: both' \/>\n\t\t<\/div>\n\n<p>&nbsp;<\/p>\n<div class=\"pdf24Plugin-cp\"> \t<form name=\"pdf24Form0\" method=\"post\" target=\"pdf24PopWin\" action=\"https:\/\/doc2pdf.pdf24.org\/wordpress.php\"><input type=\"hidden\" name=\"blogCharset\" value=\"Cw1x07UAAA==\" \/><input type=\"hidden\" name=\"blogPosts\" value=\"MwQA\" \/><input type=\"hidden\" name=\"blogUrl\" value=\"yygpKbDS1y8vL9dLLCrRNdbLL0rXB7GS8\/NKUnML8osSM\/MA\" \/><input type=\"hidden\" name=\"blogName\" value=\"SywqMQYA\" \/><input type=\"hidden\" name=\"blogValueEncoding\" value=\"gzdeflate base64\" \/><input type=\"hidden\" name=\"postId_0\" value=\"MzE2tgQA\" \/><input type=\"hidden\" name=\"postTitle_0\" value=\"86lMPrwyVcEtsbQoVUchJL+0KC8\/T6FGwbGoJLO4JFUhM68ss+TwSgUroFyugnNicUlmXmoOAA==\" \/><input type=\"hidden\" name=\"postLink_0\" value=\"FcpBDoAgDAXRE5Uu3HkbQqo2wZaUj8TbK7vJy1xA25nnnCkHaEseJ68qbpC7eWQ1rm8RoSOPEIKPMDf6J+0QUnsUi28quUNN6gc=\" \/><input type=\"hidden\" name=\"postAuthor_0\" value=\"SywqMQYA\" \/><input type=\"hidden\" name=\"postDateTime_0\" value=\"MzIwtNA1MAEiBUMjKwMTKxNLAA==\" \/><input type=\"hidden\" name=\"postContent_0\" value=\"3VjLbuM2FF0nX3GhAeIWMG3Jj8RJbAPT5yYBirbonpYYmQOK1JCUH4Mupt8wq+66HLef0N0Y3fUr5kt6SUm2k6DtoI1TpwsnJC2Sh5fnnHutYT6+WsbrFYMvaKFZE75VhZZKwvfwXFtuLAMuZ9yuV3CB32XwKTWWSybg\/es3oGKrJppBJ4zO4OTZoBNFl0Bnmgs3NBhONLTHx1+vV4YnTMYMqF+TvywYMAkZF5wVYGIlKMdl6IzFIBjsIgJmoZAMYkGNYZAwiNZvy2HLdMYlFYjaFBrEiTYvC3Xp8VLL8RD49DVNaIZrKR1PmVayCblWNwzXwilJNQVhGcgFLaGZ1rCdj4+H+XjIsxSEogmX6SgQ9NUywDVjVfapWco4KJFhT\/BUYuQYzHPCM5oy0uv3IzD8FSOC6pQFYHQ8CqbW5hft9nw+b+G+pNtSOm27VqykZVmuNOWyjYv4vrTtIncQTNuFtB3229+dku0ZiVjG7PcfGLlx0SK52zcMIxKFnd7irNNrvcjTAKiwoyCAOU\/sdBSc9sIApoynUxzt9bsemGH2v8AGrjNvwuPs3A3DRSfq+I2x\/Wj7np0OFv1e1++L7cfatwzwWb83DzwPHU0Lq5rwUUYXxLPhApAN+eJjvIdwhrh8L0DZ1hq4ev\/6R1pZwa4BNDfGkFPthN1tAgWr6YxyIXC4UrOB9Uqs386wsStebG\/0C0lRa\/5LOtEc3aXUfsI2foRThJPsrnpLZLvKvSf3VuVBV8zNfOE2drNibw87bkQhd2g8xvoMDI+F0ap2ciaUrX\/Gxe10vcqon9f0B3z3y7WSCTZuhLKWSmve\/QrJejVjQuW5O9b6JxC4hopjaipjEhQ+4UyW53eeh8POR5vYKxaV35kmmh\/U4XeWyfwGrvnbm2LmY4T7Kp25+OIWbJFrjM+d4+WicGFFsC24wifLABhcJqUpAjSA3mqQaXhZGDihpPSjSDzc4pbNYwi3Dl85ZcJnwJNRI6UuaksSNSpXrEeg+s8T0ut2z+suklsUmTSkuxnxdmmnRTaReAeN8TARd9YiHPXRGB8fHR0NE3vvS9QLxlYmJqY5Kx87GlKYanYzanyY6pyYainZkn+kuoNSc244I3GlhHbY2bQbH5YzKiOO+jtG7DsPkyF2ABFcdoGfMg\/UuQpJFE8znLoNNdyO\/CZnUM0pQZLFmk9YMlmOgs0tY4KLOg+YPP4ENuD\/h3DM3eVdIsDPQyaC3eWd3+PnIf3+VnBcAnV\/thn0Lwwew7dj8L5XGjwtRdRObCWTJKnl5IDQ3KcWyxZ2K9hysHFb7p4IldZu5wi6KSLR7WfOuRKKvoPmVxd0xa1yrwXfrFfUlYrb4iyOtYqnmNJaJcp2kiD4RDwNb4jIrGA+P7MDMYctIlcx1ELL5T\/zhztEejoX0yUT3B65fBi3UsP51xfyN4bd34P2+9WVPfdlBZYYCBYrQCxryjOZe8rFqszYpWCjIBaM6guYKDv1yJ4Cdfokx\/kHQpwSzL5pc7oH2pxW1\/X5Aktu7n8TzDjWzepJGv0poZJn5c+xxJXgh+Is94HtmyxneyDL2V2yFHDDRbYtE+ozPknyDAgzOY0PpUSo4eybKIM9EGVQXdln65VFKP+vzHNOMgypWErCLMo6PRTCnJPrLa7niGvfzDnfA3PO7+cj\/KFSpSSoDggnz8Lu4BLcIZ+g00QhoS8LPEqRHQZ1dgDtmTOd8OE50wmra\/tqqqxKNc2nnEGsCvey8m4m8ttu\/Kex4z8N947SP8pn42P32vVETkx+6V+v\/QE=\" \/><\/form> \t<div class=\"pdf24Plugin-cp-link\"> \t\t<a href=\"#\" onclick=\"var pdf24Win = window.open('about:blank', 'pdf24PopWin', 'resizable=yes,scrollbars=yes,width=600,height=250,left='+(screen.width\/2-300)+',top='+(screen.height\/3-125)+''); pdf24Win.focus(); document.pdf24Form0.submit(); if(typeof pdf24OnCreatePDF === 'function'){void(pdf24OnCreatePDF(this,pdf24Win));} return false;\">TELECHARGER L\\'ARTICLE AU FORMAT PDF<\/a> \t<\/div> <\/div>","protected":false},"excerpt":{"rendered":"<p>Lyc\u00e9e Faure, Tournon | Artiste invit\u00e9 : Tom Castinel \u2013 octobre 2017 &#8211; avril 2018 R\u00e9sidence artistique en milieu scolaire avec le Lyc\u00e9e Faure et une classe de 1\u00e8re et terminale, sur l&rsquo;invitation de Madame Forcheron, professeur d&rsquo;arts plastiques. L\u2019artiste &hellip; <a href=\"http:\/\/www.art-3.org\/art-contemporain\/lycee-faure-tournon-artiste-invite-tom-castinel\">Continuer la lecture <span class=\"meta-nav\">&rarr;<\/span><\/a><\/p>\n","protected":false},"author":1,"featured_media":0,"parent":0,"menu_order":0,"comment_status":"closed","ping_status":"closed","template":"","meta":{"footnotes":""},"class_list":["post-4339","page","type-page","status-publish","hentry"],"_links":{"self":[{"href":"http:\/\/www.art-3.org\/art-contemporain\/wp-json\/wp\/v2\/pages\/4339","targetHints":{"allow":["GET"]}}],"collection":[{"href":"http:\/\/www.art-3.org\/art-contemporain\/wp-json\/wp\/v2\/pages"}],"about":[{"href":"http:\/\/www.art-3.org\/art-contemporain\/wp-json\/wp\/v2\/types\/page"}],"author":[{"embeddable":true,"href":"http:\/\/www.art-3.org\/art-contemporain\/wp-json\/wp\/v2\/users\/1"}],"replies":[{"embeddable":true,"href":"http:\/\/www.art-3.org\/art-contemporain\/wp-json\/wp\/v2\/comments?post=4339"}],"version-history":[{"count":6,"href":"http:\/\/www.art-3.org\/art-contemporain\/wp-json\/wp\/v2\/pages\/4339\/revisions"}],"predecessor-version":[{"id":4554,"href":"http:\/\/www.art-3.org\/art-contemporain\/wp-json\/wp\/v2\/pages\/4339\/revisions\/4554"}],"wp:attachment":[{"href":"http:\/\/www.art-3.org\/art-contemporain\/wp-json\/wp\/v2\/media?parent=4339"}],"curies":[{"name":"wp","href":"https:\/\/api.w.org\/{rel}","templated":true}]}}