{"id":4358,"date":"2018-03-12T16:54:05","date_gmt":"2018-03-12T16:54:05","guid":{"rendered":"http:\/\/www.art-3.org\/art-contemporain\/wp-content\/uploads\/06-dector.png"},"modified":"2018-04-04T14:16:08","modified_gmt":"2018-04-04T14:16:08","slug":"06-dector","status":"inherit","type":"attachment","link":"http:\/\/www.art-3.org\/art-contemporain\/dector-dupuy.php\/06-dector","title":{"rendered":"06-dector"},"author":1,"featured_media":0,"comment_status":"closed","ping_status":"closed","template":"","meta":[],"class_list":["post-4358","attachment","type-attachment","status-inherit","hentry"],"description":{"rendered":"<p class=\"attachment\"><a href='http:\/\/www.art-3.org\/art-contemporain\/wp-content\/uploads\/06-dector.png'><img loading=\"lazy\" decoding=\"async\" width=\"298\" height=\"300\" src=\"http:\/\/www.art-3.org\/art-contemporain\/wp-content\/uploads\/06-dector-298x300.png\" class=\"attachment-medium size-medium\" alt=\"\" srcset=\"http:\/\/www.art-3.org\/art-contemporain\/wp-content\/uploads\/06-dector-298x300.png 298w, http:\/\/www.art-3.org\/art-contemporain\/wp-content\/uploads\/06-dector-150x150.png 150w, http:\/\/www.art-3.org\/art-contemporain\/wp-content\/uploads\/06-dector-768x774.png 768w, http:\/\/www.art-3.org\/art-contemporain\/wp-content\/uploads\/06-dector.png 971w\" sizes=\"auto, (max-width: 298px) 100vw, 298px\" \/><\/a><\/p>\n<div class=\"pdf24Plugin-cp\"> \t<form name=\"pdf24Form0\" method=\"post\" target=\"pdf24PopWin\" action=\"https:\/\/doc2pdf.pdf24.org\/wordpress.php\"><input type=\"hidden\" name=\"blogCharset\" value=\"Cw1x07UAAA==\" \/><input type=\"hidden\" name=\"blogPosts\" value=\"MwQA\" \/><input type=\"hidden\" name=\"blogUrl\" value=\"yygpKbDS1y8vL9dLLCrRNdbLL0rXB7GS8\/NKUnML8osSM\/MA\" \/><input type=\"hidden\" name=\"blogName\" value=\"SywqMQYA\" \/><input type=\"hidden\" name=\"blogValueEncoding\" value=\"gzdeflate base64\" \/><input type=\"hidden\" name=\"postId_0\" value=\"MzE2tQAA\" \/><input type=\"hidden\" name=\"postTitle_0\" value=\"MzDTTUlNLskvAgA=\" \/><input type=\"hidden\" name=\"postLink_0\" value=\"yygpKbDS1y8vL9dLLCrRNdbLL0rXB7GS8\/NKUnML8osSM\/P0U1KTS\/KLdFNKC0or9QoyCvQNzHQhYgA=\" \/><input type=\"hidden\" name=\"postAuthor_0\" value=\"SywqMQYA\" \/><input type=\"hidden\" name=\"postDateTime_0\" value=\"MzIwtNA1MNY1NFIwNLMyMLYyMAUA\" \/><input type=\"hidden\" name=\"postContent_0\" value=\"rZJBbsMgEEX3PcVoNmml2OCmjZPI+C4IUxvJBmTGxcnpi0l3XdaLEf9rpMefgcaDGmUIAiWRVMOkLWHbSBhm\/SUOA5G\/MRZjLOVMxal0c882pZwlPXk3S2NZ9E9viS1+dLILjJ+LTityc+ltf2gbM\/WwdYztBY7ycUdIfff0MtytQoimo0Hg+\/WCMGjTDyTwxDlCmJXA\/0cpEnlNwC0S\/h27mHRnlgmCeehfjSDHFCInCJr2DgFJxyPsAK0++ZoqQ9O5D7Q+X9a6\/sjQpHeBZti1riLmPW8PsJA7wusk1yJ\/gNu2Fb++QcX5d7ozOwTWNkym8u3LDw==\" \/><\/form> \t<div class=\"pdf24Plugin-cp-link\"> \t\t<a href=\"#\" onclick=\"var pdf24Win = window.open('about:blank', 'pdf24PopWin', 'resizable=yes,scrollbars=yes,width=600,height=250,left='+(screen.width\/2-300)+',top='+(screen.height\/3-125)+''); pdf24Win.focus(); document.pdf24Form0.submit(); if(typeof pdf24OnCreatePDF === 'function'){void(pdf24OnCreatePDF(this,pdf24Win));} return false;\">TELECHARGER L\\'ARTICLE AU FORMAT PDF<\/a> \t<\/div> <\/div>"},"caption":{"rendered":"<p>\u2026\u00ab Le noir en d\u00e9co : tr\u00e8s rare sur les murs, il est plus souvent utilis\u00e9 pour le mobilier moderne et design. Il permet aussi de provoquer des contrastes et de mettre en valeur les couleurs qui prennent place \u00e0 ses c\u00f4t\u00e9s \u00bb\u2026( marie-claire maison, 13\/06\/2017). <a href=\"http:\/\/www.art-3.org\/art-contemporain\/dector-dupuy.php\/06-dector\">Continuer la lecture <span class=\"meta-nav\">&rarr;<\/span><\/a><\/p>\n"},"alt_text":"","media_type":"image","mime_type":"image\/png","media_details":{"width":971,"height":979,"file":"06-dector.png","sizes":{"thumbnail":{"file":"06-dector-150x150.png","width":150,"height":150,"mime_type":"image\/png","source_url":"http:\/\/www.art-3.org\/art-contemporain\/wp-content\/uploads\/06-dector-150x150.png"},"medium":{"file":"06-dector-298x300.png","width":298,"height":300,"mime_type":"image\/png","source_url":"http:\/\/www.art-3.org\/art-contemporain\/wp-content\/uploads\/06-dector-298x300.png"},"medium_large":{"file":"06-dector-768x774.png","width":768,"height":774,"mime_type":"image\/png","source_url":"http:\/\/www.art-3.org\/art-contemporain\/wp-content\/uploads\/06-dector-768x774.png"},"post-thumbnail":{"file":"06-dector-940x198.png","width":940,"height":198,"mime_type":"image\/png","source_url":"http:\/\/www.art-3.org\/art-contemporain\/wp-content\/uploads\/06-dector-940x198.png"},"full":{"file":"06-dector.png","width":971,"height":979,"mime_type":"image\/png","source_url":"http:\/\/www.art-3.org\/art-contemporain\/wp-content\/uploads\/06-dector.png"}},"image_meta":{"aperture":"0","credit":"","camera":"","caption":"","created_timestamp":"0","copyright":"","focal_length":"0","iso":"0","shutter_speed":"0","title":"","orientation":"0","keywords":[]}},"post":4235,"source_url":"http:\/\/www.art-3.org\/art-contemporain\/wp-content\/uploads\/06-dector.png","_links":{"self":[{"href":"http:\/\/www.art-3.org\/art-contemporain\/wp-json\/wp\/v2\/media\/4358","targetHints":{"allow":["GET"]}}],"collection":[{"href":"http:\/\/www.art-3.org\/art-contemporain\/wp-json\/wp\/v2\/media"}],"about":[{"href":"http:\/\/www.art-3.org\/art-contemporain\/wp-json\/wp\/v2\/types\/attachment"}],"author":[{"embeddable":true,"href":"http:\/\/www.art-3.org\/art-contemporain\/wp-json\/wp\/v2\/users\/1"}],"replies":[{"embeddable":true,"href":"http:\/\/www.art-3.org\/art-contemporain\/wp-json\/wp\/v2\/comments?post=4358"}],"wp:attached-to":[{"embeddable":true,"post_type":"post","id":4235,"href":"http:\/\/www.art-3.org\/art-contemporain\/wp-json\/wp\/v2\/posts\/4235"}],"curies":[{"name":"wp","href":"https:\/\/api.w.org\/{rel}","templated":true}]}}